{"id":942,"date":"2023-01-16T15:57:39","date_gmt":"2023-01-16T14:57:39","guid":{"rendered":"https:\/\/slunecnice.orlicemb.cz\/subdom\/slunecnice\/?page_id=942"},"modified":"2025-08-30T13:19:20","modified_gmt":"2025-08-30T12:19:20","slug":"uvodni-stranka","status":"publish","type":"page","link":"https:\/\/slunecnice.orlicemb.cz\/subdom\/slunecnice\/","title":{"rendered":"4. odd\u00edl Slune\u010dnice"},"content":{"rendered":"\n<p class=\"has-primary-color has-buttons-text-background-color has-text-color has-background has-small-font-size\">V\u00edtej na str\u00e1nk\u00e1ch 4. odd\u00edlu Slune\u010dnic ze skautsk\u00e9ho st\u0159ediska Moravsk\u00e9 Orlice. A\u0165 u\u017e tu hled\u00e1\u0161 cokoliv, douf\u00e1m, \u017ee najde\u0161 \ud83d\ude42<\/p>\n\n\n\n<div class=\"wp-block-media-text alignfull has-media-on-the-right is-stacked-on-mobile has-background has-normal-font-size\" style=\"background-color:#bad9f9;grid-template-columns:auto 41%\"><div class=\"wp-block-media-text__content\">\n<p>O n\u00e1s, aneb jak n\u00e1\u0161 odd\u00edl vypadal a vypad\u00e1 te\u010f<\/p>\n\n\n\n<div class=\"is-layout-flex wp-block-buttons\">\n<div class=\"wp-block-button\"><a class=\"wp-block-button__link wp-element-button\">Historie odd\u00edlu<\/a><\/div>\n<\/div>\n<\/div><figure class=\"wp-block-media-text__media\"><img decoding=\"async\" loading=\"lazy\" width=\"1024\" height=\"768\" src=\"http:\/\/slunecnice.orlicemb.cz\/subdom\/slunecnice\/wp-content\/uploads\/2023\/01\/Tabor2022-248-1024x768.jpg\" alt=\"\" class=\"wp-image-941 size-full\" srcset=\"https:\/\/slunecnice.orlicemb.cz\/subdom\/slunecnice\/wp-content\/uploads\/2023\/01\/Tabor2022-248-1024x768.jpg 1024w, https:\/\/slunecnice.orlicemb.cz\/subdom\/slunecnice\/wp-content\/uploads\/2023\/01\/Tabor2022-248-300x225.jpg 300w, https:\/\/slunecnice.orlicemb.cz\/subdom\/slunecnice\/wp-content\/uploads\/2023\/01\/Tabor2022-248-768x576.jpg 768w, https:\/\/slunecnice.orlicemb.cz\/subdom\/slunecnice\/wp-content\/uploads\/2023\/01\/Tabor2022-248-1536x1152.jpg 1536w, https:\/\/slunecnice.orlicemb.cz\/subdom\/slunecnice\/wp-content\/uploads\/2023\/01\/Tabor2022-248-2048x1536.jpg 2048w, https:\/\/slunecnice.orlicemb.cz\/subdom\/slunecnice\/wp-content\/uploads\/2023\/01\/Tabor2022-248-1200x900.jpg 1200w, https:\/\/slunecnice.orlicemb.cz\/subdom\/slunecnice\/wp-content\/uploads\/2023\/01\/Tabor2022-248-1980x1485.jpg 1980w\" sizes=\"(max-width: 1024px) 100vw, 1024px\" \/><\/figure><\/div>\n\n\n\n<div class=\"wp-block-media-text alignfull is-stacked-on-mobile has-background\" style=\"background-color:#f3f3f3ba;grid-template-columns:45% auto\"><figure class=\"wp-block-media-text__media\"><img decoding=\"async\" loading=\"lazy\" width=\"300\" height=\"200\" src=\"https:\/\/slunecnice.orlicemb.cz\/subdom\/slunecnice\/wp-content\/uploads\/2023\/01\/DSC_0952-300x200.jpg\" alt=\"\" class=\"wp-image-1124 size-medium\" srcset=\"https:\/\/slunecnice.orlicemb.cz\/subdom\/slunecnice\/wp-content\/uploads\/2023\/01\/DSC_0952-300x200.jpg 300w, https:\/\/slunecnice.orlicemb.cz\/subdom\/slunecnice\/wp-content\/uploads\/2023\/01\/DSC_0952-1024x683.jpg 1024w, https:\/\/slunecnice.orlicemb.cz\/subdom\/slunecnice\/wp-content\/uploads\/2023\/01\/DSC_0952-768x512.jpg 768w, https:\/\/slunecnice.orlicemb.cz\/subdom\/slunecnice\/wp-content\/uploads\/2023\/01\/DSC_0952-1536x1024.jpg 1536w, https:\/\/slunecnice.orlicemb.cz\/subdom\/slunecnice\/wp-content\/uploads\/2023\/01\/DSC_0952-2048x1365.jpg 2048w, https:\/\/slunecnice.orlicemb.cz\/subdom\/slunecnice\/wp-content\/uploads\/2023\/01\/DSC_0952-1200x800.jpg 1200w, https:\/\/slunecnice.orlicemb.cz\/subdom\/slunecnice\/wp-content\/uploads\/2023\/01\/DSC_0952-1980x1320.jpg 1980w\" sizes=\"(max-width: 300px) 100vw, 300px\" \/><\/figure><div class=\"wp-block-media-text__content\">\n<p>Pod\u00edvejte se na akce prob\u011bhl\u00e9 i ty n\u00e1sleduj\u00edc\u00ed!<\/p>\n\n\n\n<div class=\"is-layout-flex wp-block-buttons\">\n<div class=\"wp-block-button\"><a class=\"wp-block-button__link wp-element-button\" href=\"https:\/\/slunecnice.orlicemb.cz\/subdom\/slunecnice\/?page_id=1138\" target=\"_blank\" rel=\"noreferrer noopener\">Akce<\/a><\/div>\n<\/div>\n<\/div><\/div>\n\n\n\n<div class=\"wp-block-media-text alignfull has-media-on-the-right is-stacked-on-mobile has-background has-normal-font-size\" style=\"background-color:#bad9f9;grid-template-columns:auto 36%\"><div class=\"wp-block-media-text__content\">\n<p><strong>Na\u0161e klubovna<\/strong><\/p>\n\n\n\n<p>M\u016f\u017eete n\u00e1s naj\u00edt v Moravsk\u00fdch Bud\u011bjovic\u00edch na ulici Blahoslavova \u010d. p. 1697<\/p>\n\n\n\n<div class=\"is-layout-flex wp-block-buttons\">\n<div class=\"wp-block-button has-custom-font-size\" style=\"font-size:15px\"><a class=\"wp-block-button__link wp-element-button\" href=\"https:\/\/mapy.cz\/zakladni?source=firm&amp;id=2177194&amp;ds=1&amp;x=15.8081534&amp;y=49.0504568&amp;z=17\" target=\"_blank\" rel=\"noreferrer noopener\">hled\u00e1te cestu? najd\u011bte ji na map\u011b<\/a><\/div>\n<\/div>\n<\/div><figure class=\"wp-block-media-text__media\"><img decoding=\"async\" loading=\"lazy\" width=\"300\" height=\"300\" src=\"https:\/\/slunecnice.orlicemb.cz\/subdom\/slunecnice\/wp-content\/uploads\/2023\/01\/Navrh-bez-nazvu-2-300x300.png\" alt=\"\" class=\"wp-image-971 size-medium\" srcset=\"https:\/\/slunecnice.orlicemb.cz\/subdom\/slunecnice\/wp-content\/uploads\/2023\/01\/Navrh-bez-nazvu-2-300x300.png 300w, https:\/\/slunecnice.orlicemb.cz\/subdom\/slunecnice\/wp-content\/uploads\/2023\/01\/Navrh-bez-nazvu-2-150x150.png 150w, https:\/\/slunecnice.orlicemb.cz\/subdom\/slunecnice\/wp-content\/uploads\/2023\/01\/Navrh-bez-nazvu-2.png 500w\" sizes=\"(max-width: 300px) 100vw, 300px\" \/><\/figure><\/div>\n","protected":false},"excerpt":{"rendered":"<p>V\u00edtej na str\u00e1nk\u00e1ch 4. odd\u00edlu Slune\u010dnic ze skautsk\u00e9ho st\u0159ediska Moravsk\u00e9 Orlice. A\u0165 u\u017e tu hled\u00e1\u0161 cokoliv, douf\u00e1m, \u017ee najde\u0161 \ud83d\ude42<\/p>\n","protected":false},"author":1,"featured_media":1415,"parent":0,"menu_order":0,"comment_status":"closed","ping_status":"closed","template":"templates\/template-cover.php","meta":[],"_links":{"self":[{"href":"https:\/\/slunecnice.orlicemb.cz\/subdom\/slunecnice\/index.php?rest_route=\/wp\/v2\/pages\/942"}],"collection":[{"href":"https:\/\/slunecnice.orlicemb.cz\/subdom\/slunecnice\/index.php?rest_route=\/wp\/v2\/pages"}],"about":[{"href":"https:\/\/slunecnice.orlicemb.cz\/subdom\/slunecnice\/index.php?rest_route=\/wp\/v2\/types\/page"}],"author":[{"embeddable":true,"href":"https:\/\/slunecnice.orlicemb.cz\/subdom\/slunecnice\/index.php?rest_route=\/wp\/v2\/users\/1"}],"replies":[{"embeddable":true,"href":"https:\/\/slunecnice.orlicemb.cz\/subdom\/slunecnice\/index.php?rest_route=%2Fwp%2Fv2%2Fcomments&post=942"}],"version-history":[{"count":16,"href":"https:\/\/slunecnice.orlicemb.cz\/subdom\/slunecnice\/index.php?rest_route=\/wp\/v2\/pages\/942\/revisions"}],"predecessor-version":[{"id":1416,"href":"https:\/\/slunecnice.orlicemb.cz\/subdom\/slunecnice\/index.php?rest_route=\/wp\/v2\/pages\/942\/revisions\/1416"}],"wp:featuredmedia":[{"embeddable":true,"href":"https:\/\/slunecnice.orlicemb.cz\/subdom\/slunecnice\/index.php?rest_route=\/wp\/v2\/media\/1415"}],"wp:attachment":[{"href":"https:\/\/slunecnice.orlicemb.cz\/subdom\/slunecnice\/index.php?rest_route=%2Fwp%2Fv2%2Fmedia&parent=942"}],"curies":[{"name":"wp","href":"https:\/\/api.w.org\/{rel}","templated":true}]}}